{"id":11,"date":"2017-06-19T18:37:11","date_gmt":"2017-06-19T18:37:11","guid":{"rendered":"http:\/\/oritel.org\/oea\/?page_id=11"},"modified":"2021-06-23T19:13:03","modified_gmt":"2021-06-23T19:13:03","slug":"expositores-internacionales","status":"publish","type":"page","link":"https:\/\/oritel.org\/oea\/expositores-internacionales\/","title":{"rendered":"Expositores internacionales"},"content":{"rendered":"[vc_row type=\u00bbin_container\u00bb full_screen_row_position=\u00bbmiddle\u00bb column_margin=\u00bbdefault\u00bb column_direction=\u00bbdefault\u00bb column_direction_tablet=\u00bbdefault\u00bb column_direction_phone=\u00bbdefault\u00bb scene_position=\u00bbcenter\u00bb text_color=\u00bbdark\u00bb text_align=\u00bbleft\u00bb row_border_radius=\u00bbnone\u00bb row_border_radius_applies=\u00bbbg\u00bb overlay_strength=\u00bb0.3&#8243; gradient_direction=\u00bbleft_to_right\u00bb shape_divider_position=\u00bbbottom\u00bb bg_image_animation=\u00bbnone\u00bb][vc_column column_padding=\u00bbno-extra-padding\u00bb column_padding_tablet=\u00bbinherit\u00bb column_padding_phone=\u00bbinherit\u00bb column_padding_position=\u00bball\u00bb column_element_spacing=\u00bbdefault\u00bb background_color_opacity=\u00bb1&#8243; background_hover_color_opacity=\u00bb1&#8243; column_shadow=\u00bbnone\u00bb column_border_radius=\u00bbnone\u00bb column_link_target=\u00bb_self\u00bb gradient_direction=\u00bbleft_to_right\u00bb overlay_strength=\u00bb0.3&#8243; width=\u00bb1\/1&#8243; tablet_width_inherit=\u00bbdefault\u00bb tablet_text_alignment=\u00bbdefault\u00bb phone_text_alignment=\u00bbdefault\u00bb bg_image_animation=\u00bbnone\u00bb border_type=\u00bbsimple\u00bb column_border_width=\u00bbnone\u00bb column_border_style=\u00bbsolid\u00bb]<style type=\"text\/css\">@media only screen and (min-width: 1300px) { #nectar-slider-instance-1, #nectar-slider-instance-1 .swiper-container { height: 500px; }  } @media only screen and (max-width: 1299px) { #nectar-slider-instance-1, #nectar-slider-instance-1 .swiper-container { height: 416.66666666667px; }  } @media only screen and (max-width: 1000px) { #nectar-slider-instance-1, #nectar-slider-instance-1 .swiper-container { height: 357.14285714286px; }  } @media only screen and (max-width: 690px) { #nectar-slider-instance-1, #nectar-slider-instance-1 .swiper-container { height: 185.18518518519px; }  } <\/style><div data-midnight=\"nectar-slider\" class=\"parallax_slider_outer \"><div  data-transition=\"fade\" data-overall_style=\"classic\" data-flexible-height=\"\" data-animate-in-effect=\"none\" data-fullscreen=\"false\" data-button-sizing=\"regular\" data-button-styling=\"btn_with_count\" data-autorotate=\"\" data-parallax=\"true\" data-parallax-disable-mobile=\"\" data-caption-trans=\"fade_in_from_bottom\" data-parallax-style=\"bg_only\" data-bg-animation=\"none\" data-full-width=\"true\" class=\"nectar-slider-wrap \" id=\"nectar-slider-instance-1\"><div class=\"swiper-container\"  data-tho=\"auto\" data-tco=\"auto\" data-pho=\"auto\" data-pco=\"auto\" data-loop=\"false\" data-height=\"500\" data-min-height=\"\" data-arrows=\"false\" data-bullets=\"false\" data-bullet_style=\"see_through\" data-bullet_position=\"bottom\" data-desktop-swipe=\"false\" data-settings=\"\"> <div class=\"swiper-wrapper\"><div class=\"swiper-slide\" data-desktop-content-width=\"\" data-tablet-content-width=\"\" data-bg-alignment=\"center\" data-color-scheme=\"light\" data-x-pos=\"centered\" data-y-pos=\"middle\" ><div class=\"slide-bg-wrap\"><div class=\"image-bg\" style=\"background-image: url(https:\/\/oritel.org\/oea\/wp-content\/uploads\/2017\/06\/expositores.jpg);\"> &nbsp; <\/div><\/div><div class=\"container\">\r\n\t\t\t\t\t\t<div class=\"content\"><h2>Expositores internacionales<\/h2><\/div>\r\n\t\t\t\t\t\t\t\t<\/div><!--\/container--><div class=\"video-texture \"> <span class=\"ie-fix\"><\/span> <\/div><\/div> <!--\/swiper-slide--><\/div><div class=\"nectar-slider-loading \"> <span class=\"loading-icon none\">   <\/span> <\/div> <\/div> \r\n\t\t\t\t\t\r\n\t\t\t\t\t<\/div><\/div>[\/vc_column][\/vc_row][vc_row type=\u00bbfull_width_background\u00bb full_screen_row_position=\u00bbmiddle\u00bb column_margin=\u00bbdefault\u00bb column_direction=\u00bbdefault\u00bb column_direction_tablet=\u00bbdefault\u00bb column_direction_phone=\u00bbdefault\u00bb bg_color=\u00bb#ffffff\u00bb scene_position=\u00bbcenter\u00bb text_color=\u00bblight\u00bb text_align=\u00bbleft\u00bb row_border_radius=\u00bbnone\u00bb row_border_radius_applies=\u00bbbg\u00bb overlay_strength=\u00bb0.3&#8243; gradient_direction=\u00bbleft_to_right\u00bb shape_divider_position=\u00bbbottom\u00bb bg_image_animation=\u00bbnone\u00bb][vc_column column_padding=\u00bbno-extra-padding\u00bb column_padding_tablet=\u00bbinherit\u00bb column_padding_phone=\u00bbinherit\u00bb column_padding_position=\u00bball\u00bb top_margin=\u00bb-7%\u00bb bottom_margin=\u00bb-7%\u00bb column_element_spacing=\u00bbdefault\u00bb background_color_opacity=\u00bb1&#8243; background_hover_color_opacity=\u00bb1&#8243; column_shadow=\u00bblarge_depth\u00bb column_border_radius=\u00bbnone\u00bb column_link_target=\u00bb_self\u00bb gradient_direction=\u00bbleft_to_right\u00bb overlay_strength=\u00bb0.3&#8243; width=\u00bb1\/1&#8243; tablet_width_inherit=\u00bbdefault\u00bb tablet_text_alignment=\u00bbdefault\u00bb phone_text_alignment=\u00bbdefault\u00bb bg_image_animation=\u00bbnone\u00bb border_type=\u00bbsimple\u00bb column_border_width=\u00bbnone\u00bb column_border_style=\u00bbsolid\u00bb][vc_row_inner column_margin=\u00bbdefault\u00bb column_direction=\u00bbdefault\u00bb column_direction_tablet=\u00bbdefault\u00bb column_direction_phone=\u00bbdefault\u00bb text_align=\u00bbleft\u00bb el_id=\u00bbescuchar\u00bb][vc_column_inner column_padding=\u00bbno-extra-padding\u00bb column_padding_tablet=\u00bbinherit\u00bb column_padding_phone=\u00bbinherit\u00bb column_padding_position=\u00bball\u00bb column_element_spacing=\u00bbdefault\u00bb background_color_opacity=\u00bb1&#8243; background_hover_color_opacity=\u00bb1&#8243; column_shadow=\u00bbnone\u00bb column_border_radius=\u00bbnone\u00bb column_link_target=\u00bb_self\u00bb gradient_direction=\u00bbleft_to_right\u00bb overlay_strength=\u00bb0.3&#8243; width=\u00bb1\/1&#8243; tablet_width_inherit=\u00bbdefault\u00bb bg_image_animation=\u00bbnone\u00bb border_type=\u00bbsimple\u00bb column_border_width=\u00bbnone\u00bb column_border_style=\u00bbsolid\u00bb offset=\u00bbvc_hidden-sm vc_hidden-xs\u00bb][vc_column_text]<button id=\"bb1\" type=\"button\" value=\"Play\" class=\"responsivevoice-button\" title=\"ResponsiveVoice Tap to Start\/Stop Speech\"><span>&#128266; ESCUCHAR CONTENIDO<\/span><\/button>\n        <script>\n            bb1.onclick = function(){\n                if(responsiveVoice.isPlaying()){\n                    responsiveVoice.cancel();\n                }else{\n                    responsiveVoice.speak(\"Expositores Internacionales. Expositor: Ignacio Calder\u00f3n Almendros Profesor de Teor\u00eda de la Educaci\u00f3n en la Universidad de M\u00e1laga e investigador en Diversidad y Procesos de Exclusi\u00f3n e Inclusi\u00f3n Educativa. Ponencias: La Educaci\u00f3n Inclusiva como proceso. Teor\u00eda y filosof\u00eda de la Educaci\u00f3n Inclusiva. Proceso de transformaci\u00f3n desde una perspectiva integral: filosof\u00eda, cultura, pol\u00edtica y pr\u00e1ctica, barreras y accesibilidad. Trabajo colaborativo: escuela, familia, comunidad para una gesti\u00f3n educativa de calidad. Desaf\u00edos para la inclusi\u00f3n en el aula y en la comunidad educativa. El rol de la familia en los procesos de Educaci\u00f3n Inclusiva de personas con discapacidad. Expositor:\u00a0Pamela Molina Chilena, Lic en Humanidades de la Universidad de Chile, y Master en Discapacidad y Desarrollo Humano de la Universidad de Illinois en Chicago, USA. Particip\u00f3 directamente en el proceso de escritura y aprobaci\u00f3n de la Convenci\u00f3n de Naciones Unidas por los Derechos de las Personas con Discapacidad en Nueva York. Conferencista Internacional sobre Derechos de Personas con Discapacidad, ha publicado varios art\u00edculos sobre la materia a nivel internacional. Es Especialista en Discapacidad del Departamento de Inclusi\u00f3n Social de la Secretar\u00eda de Acceso a Derechos y Equidad, en la Organizaci\u00f3n de Estados Americanos, Washington D.C., USA. Ponencias: Paradigmas y Perspectivas en Discapacidad: de pacientes a ciudadanos. Derecho a la Educaci\u00f3n de las personas con discapacidad. \u00a0El marco internacional en derechos de las personas con discapacidad. Art\u00edculo 24 de la UN-CDPD. Expositor: Silvia Bersanelli. Profesora y Magister en Integraci\u00f3n de Personas con Discapacidad y Presidenta de la Comisi\u00f3n Nacional Asesora para la Integraci\u00f3n de las Personas con Discapacidad (CONADIS). Ponencias: Educaci\u00f3n Inclusiva: desde la agenda p\u00fablica al trabajo de aula. Dise\u00f1o Universal de Aprendizaje en el aula. Expositor: Mel Aisconw. Catedr\u00e1tico y Co-Director del Centro para la Equidad en Educaci\u00f3n de la Universidad de Manchester y coautor del \u201c\u00cdndice de Inclusi\u00f3n\u201d, instrumento para apoyar el desarrollo de escuelas inclusivas, traducido a m\u00e1s de 40 idiomas y recomendado por la UNESCO. Ponencias: Proceso de transformaci\u00f3n: de la escuela tradicional a la escuela inclusiva. Gu\u00eda para generar Educaci\u00f3n Inclusiva. De la escuela que tenemos a la escuela que queremos: desarrollando el aprendizaje y la participaci\u00f3n en las instituciones educativas. Estrategias concretas para el dise\u00f1o particular de transformaci\u00f3n de una instituci\u00f3n educativa y la articulaci\u00f3n de redes comunitarias. El rol de la familia en los procesos de Educaci\u00f3n Inclusiva de personas con discapacidad. Expositor: Renato Opertti. Soci\u00f3logo, especialista en educaci\u00f3n. Dirige el Diploma de Posgrado IBE-UNESCO en Dise\u00f1o y Desarrollo Curricular actualmente implementado en \u00c1frica y en Am\u00e9rica Latina y el Caribe. Adem\u00e1s, coordina la Comunidad de Pr\u00e1cticas (COP) de la UNESCO en materia de desarrollo de planes de estudios y apoya la aplicaci\u00f3n de iniciativas de educaci\u00f3n inclusiva como continuaci\u00f3n de la 48\u00aa reuni\u00f3n de la Conferencia Internacional de Educaci\u00f3n. Coordin\u00f3 las reformas educativas y curriculares en Uruguay y trabaj\u00f3 como consultor para el Banco Interamericano de Desarrollo (BID), el Banco Mundial, la UNESCO y el UNICEF en temas de pol\u00edtica social y educaci\u00f3n.\", \"Spanish Female\");\n                }\n            };\n        <\/script>\n     Expositores Internacionales. Expositor: Ignacio Calder\u00f3n Almendros<br \/>\nProfesor de Teor\u00eda de la Educaci\u00f3n en la Universidad de M\u00e1laga e investigador en Diversidad y Procesos de Exclusi\u00f3n e Inclusi\u00f3n Educativa.<br \/>\nPonencias: La Educaci\u00f3n Inclusiva como proceso. Teor\u00eda y filosof\u00eda de la Educaci\u00f3n Inclusiva. Proceso de transformaci\u00f3n desde una perspectiva integral: filosof\u00eda, cultura, pol\u00edtica y pr\u00e1ctica, barreras y accesibilidad. Trabajo colaborativo: escuela, familia, comunidad para una gesti\u00f3n educativa de calidad. Desaf\u00edos para la inclusi\u00f3n en el aula y en la comunidad educativa. El rol de la familia en los procesos de Educaci\u00f3n Inclusiva de personas con discapacidad.<br \/>\nExpositor:\u00a0Pamela Molina<\/p>\n<p>Chilena, Lic en Humanidades de la Universidad de Chile, y Master en Discapacidad y Desarrollo Humano de la Universidad de Illinois en Chicago, USA.<\/p>\n<p>Particip\u00f3 directamente en el proceso de escritura y aprobaci\u00f3n de la Convenci\u00f3n de Naciones Unidas por los Derechos de las Personas con Discapacidad en Nueva York. Conferencista Internacional sobre Derechos de Personas con Discapacidad, ha publicado varios art\u00edculos sobre la materia a nivel internacional. Es Especialista en Discapacidad del Departamento de Inclusi\u00f3n Social de la Secretar\u00eda de Acceso a Derechos y Equidad, en la Organizaci\u00f3n de Estados Americanos, Washington D.C., USA.<br \/>\nPonencias: Paradigmas y Perspectivas en Discapacidad: de pacientes a ciudadanos. Derecho a la Educaci\u00f3n de las personas con discapacidad. \u00a0El marco internacional en derechos de las personas con discapacidad. Art\u00edculo 24 de la UN-CDPD.<br \/>\nExpositor: Silvia Bersanelli.<br \/>\nProfesora y Magister en Integraci\u00f3n de Personas con Discapacidad y Presidenta de la Comisi\u00f3n Nacional Asesora para la Integraci\u00f3n de las Personas con Discapacidad (CONADIS).<br \/>\nPonencias: Educaci\u00f3n Inclusiva: desde la agenda p\u00fablica al trabajo de aula. Dise\u00f1o Universal de Aprendizaje en el aula.<br \/>\nExpositor: Mel Aisconw. Catedr\u00e1tico y Co-Director del Centro para la Equidad en Educaci\u00f3n de la Universidad de Manchester y coautor del \u201c\u00cdndice de Inclusi\u00f3n\u201d, instrumento para apoyar el desarrollo de escuelas inclusivas, traducido a m\u00e1s de 40 idiomas y recomendado por la UNESCO.<br \/>\nPonencias: Proceso de transformaci\u00f3n: de la escuela tradicional a la escuela inclusiva. Gu\u00eda para generar Educaci\u00f3n Inclusiva. De la escuela que tenemos a la escuela que queremos: desarrollando el aprendizaje y la participaci\u00f3n en las instituciones educativas. Estrategias concretas para el dise\u00f1o particular de transformaci\u00f3n de una instituci\u00f3n educativa y la articulaci\u00f3n de redes comunitarias. El rol de la familia en los procesos de Educaci\u00f3n Inclusiva de personas con discapacidad.<br \/>\nExpositor: Renato Opertti. Soci\u00f3logo, especialista en educaci\u00f3n.<br \/>\nDirige el Diploma de Posgrado IBE-UNESCO en Dise\u00f1o y Desarrollo Curricular actualmente implementado en \u00c1frica y en Am\u00e9rica Latina y el Caribe. Adem\u00e1s, coordina la Comunidad de Pr\u00e1cticas (COP) de la UNESCO en materia de desarrollo de planes de estudios y apoya la aplicaci\u00f3n de iniciativas de educaci\u00f3n inclusiva como continuaci\u00f3n de la 48\u00aa reuni\u00f3n de la Conferencia Internacional de Educaci\u00f3n.<br \/>\nCoordin\u00f3 las reformas educativas y curriculares en Uruguay y trabaj\u00f3 como consultor para el Banco Interamericano de Desarrollo (BID), el Banco Mundial, la UNESCO y el UNICEF en temas de pol\u00edtica social y educaci\u00f3n.<\/p>\n[\/vc_column_text][\/vc_column_inner][\/vc_row_inner][vc_row_inner equal_height=\u00bbyes\u00bb content_placement=\u00bbmiddle\u00bb column_margin=\u00bbnone\u00bb column_direction=\u00bbdefault\u00bb column_direction_tablet=\u00bbdefault\u00bb column_direction_phone=\u00bbdefault\u00bb text_align=\u00bbleft\u00bb id=\u00bbabout\u00bb css=\u00bb.vc_custom_1486684329109{background-color: #ffffff !important;}\u00bb][vc_column_inner column_padding=\u00bbpadding-10-percent\u00bb column_padding_tablet=\u00bbinherit\u00bb column_padding_phone=\u00bbinherit\u00bb column_padding_position=\u00bball\u00bb column_element_spacing=\u00bbdefault\u00bb background_color_opacity=\u00bb1&#8243; background_hover_color_opacity=\u00bb1&#8243; background_image=\u00bb991&#8243; background_image_position=\u00bbcenter center\u00bb enable_bg_scale=\u00bbtrue\u00bb background_image_loading=\u00bbdefault\u00bb column_shadow=\u00bbnone\u00bb column_border_radius=\u00bbnone\u00bb column_link_target=\u00bb_self\u00bb gradient_direction=\u00bbleft_to_right\u00bb overlay_strength=\u00bb0.3&#8243; width=\u00bb1\/3&#8243; tablet_width_inherit=\u00bbdefault\u00bb bg_image_animation=\u00bbnone\u00bb border_type=\u00bbsimple\u00bb column_border_width=\u00bbnone\u00bb column_border_style=\u00bbsolid\u00bb][divider line_type=\u00bbNo Line\u00bb custom_height=\u00bb200&#8243;][\/vc_column_inner][vc_column_inner column_padding=\u00bbpadding-7-percent\u00bb column_padding_tablet=\u00bbinherit\u00bb column_padding_phone=\u00bbinherit\u00bb column_padding_position=\u00bball\u00bb column_element_spacing=\u00bbdefault\u00bb background_color=\u00bb#f47a0e\u00bb background_color_opacity=\u00bb1&#8243; background_hover_color_opacity=\u00bb1&#8243; column_shadow=\u00bbnone\u00bb column_border_radius=\u00bbnone\u00bb column_link_target=\u00bb_self\u00bb gradient_direction=\u00bbleft_to_right\u00bb overlay_strength=\u00bb0.3&#8243; width=\u00bb2\/3&#8243; tablet_width_inherit=\u00bbdefault\u00bb bg_image_animation=\u00bbnone\u00bb border_type=\u00bbsimple\u00bb column_border_width=\u00bbnone\u00bb column_border_style=\u00bbsolid\u00bb][vc_column_text]\n<h3>Ignacio Calder\u00f3n Almendros<\/h3>\n[\/vc_column_text][vc_column_text css=\u00bb.vc_custom_1498062693010{margin-top: 40px !important;}\u00bb]Profesor de Teor\u00eda de la Educaci\u00f3n en la Universidad de M\u00e1laga e investigador en Diversidad y Procesos de Exclusi\u00f3n e Inclusi\u00f3n Educativa.[\/vc_column_text][divider line_type=\u00bbNo Line\u00bb custom_height=\u00bb20&#8243;]<div class=\"nectar-fancy-ul\" data-list-icon=\"fa fa-chevron-right\" data-animation=\"true\" data-animation-delay=\"0\" data-color=\"extra-color-3\" data-spacing=\"default\" data-alignment=\"left\"> <strong>Ponencias <\/strong><\/p>\n<ul>\n<li>La Educaci\u00f3n Inclusiva como proceso. Teor\u00eda y filosof\u00eda de la Educaci\u00f3n Inclusiva, desde una perspectiva integral. Proceso de transformaci\u00f3n desde una perspectiva integral: filosof\u00eda, cultura,\u00a0 pol\u00edtica y pr\u00e1ctica, barreras y accesibilidad.<\/li>\n<li>Trabajo colaborativo: escuela, familia, comunidad para una gesti\u00f3n educativa de calidad.<\/li>\n<li>Desaf\u00edos para la inclusi\u00f3n en el aula y en la comunidad educativa.<\/li>\n<li>El rol de la familia en los procesos de Educaci\u00f3n Inclusiva de personas con discapacidad<\/li>\n<\/ul>\n <\/div>[\/vc_column_inner][\/vc_row_inner][vc_row_inner equal_height=\u00bbyes\u00bb content_placement=\u00bbmiddle\u00bb column_margin=\u00bbnone\u00bb column_direction=\u00bbdefault\u00bb column_direction_tablet=\u00bbdefault\u00bb column_direction_phone=\u00bbdefault\u00bb text_align=\u00bbleft\u00bb id=\u00bbabout\u00bb css=\u00bb.vc_custom_1486684329109{background-color: #ffffff !important;}\u00bb][vc_column_inner column_padding=\u00bbpadding-7-percent\u00bb column_padding_tablet=\u00bbinherit\u00bb column_padding_phone=\u00bbinherit\u00bb column_padding_position=\u00bball\u00bb column_element_spacing=\u00bbdefault\u00bb background_color=\u00bb#f2c500&#8243; background_color_opacity=\u00bb1&#8243; background_hover_color_opacity=\u00bb1&#8243; column_shadow=\u00bbnone\u00bb column_border_radius=\u00bbnone\u00bb column_link_target=\u00bb_self\u00bb gradient_direction=\u00bbleft_to_right\u00bb overlay_strength=\u00bb0.3&#8243; width=\u00bb2\/3&#8243; tablet_width_inherit=\u00bbdefault\u00bb bg_image_animation=\u00bbnone\u00bb border_type=\u00bbsimple\u00bb column_border_width=\u00bbnone\u00bb column_border_style=\u00bbsolid\u00bb][vc_column_text]\n<h3>Pamela Molina<\/h3>\n<p><strong> Chilena, Lic en Humanidades de la Universidad de Chile, y Master en Discapacidad y Desarrollo Humano de la Universidad de Illinois en Chicago, USA. Especialista en discapacidad de la OEA.<\/strong>[\/vc_column_text][vc_column_text css=\u00bb.vc_custom_1499979014288{margin-top: 40px !important;}\u00bb]Particip\u00f3 directamente en el proceso de escritura y aprobaci\u00f3n de la Convenci\u00f3n de Naciones Unidas por los Derechos de las Personas con Discapacidad en Nueva York. Conferencista Internacional sobre Derechos de Personas con Discapacidad, ha publicado varios art\u00edculos sobre la materia a nivel internacional. Es Especialista en Discapacidad del Departamento de Inclusi\u00f3n Social de la Secretar\u00eda de Acceso a Derechos y Equidad, en la Organizaci\u00f3n de Estados Americanos, Washington D.C., USA.[\/vc_column_text][divider line_type=\u00bbNo Line\u00bb custom_height=\u00bb20&#8243;]<div class=\"nectar-fancy-ul\" data-list-icon=\"fa fa-chevron-right\" data-animation=\"true\" data-animation-delay=\"0\" data-color=\"extra-color-2\" data-spacing=\"default\" data-alignment=\"left\"> <strong>Ponencias<\/strong><\/p>\n<ul>\n<li>Paradigmas\u00a0 y Perspectivas en Discapacidad: de pacientes a ciudadanos<\/li>\n<li>Derecho a la Educaci\u00f3n de las personas con discapacidad. Marco internacional en derechos de las personas con discapacidad. Art\u00edculo 24 de la\u00a0UN-CDPD<\/li>\n<\/ul>\n <\/div>[\/vc_column_inner][vc_column_inner column_padding=\u00bbpadding-10-percent\u00bb column_padding_tablet=\u00bbinherit\u00bb column_padding_phone=\u00bbinherit\u00bb column_padding_position=\u00bball\u00bb column_element_spacing=\u00bbdefault\u00bb background_color_opacity=\u00bb1&#8243; background_hover_color_opacity=\u00bb1&#8243; background_image=\u00bb985&#8243; background_image_position=\u00bbcenter center\u00bb enable_bg_scale=\u00bbtrue\u00bb background_image_loading=\u00bbdefault\u00bb column_shadow=\u00bbnone\u00bb column_border_radius=\u00bbnone\u00bb column_link_target=\u00bb_self\u00bb gradient_direction=\u00bbleft_to_right\u00bb overlay_strength=\u00bb0.3&#8243; width=\u00bb1\/3&#8243; tablet_width_inherit=\u00bbdefault\u00bb bg_image_animation=\u00bbnone\u00bb border_type=\u00bbsimple\u00bb column_border_width=\u00bbnone\u00bb column_border_style=\u00bbsolid\u00bb][divider line_type=\u00bbNo Line\u00bb custom_height=\u00bb200&#8243;][\/vc_column_inner][\/vc_row_inner][vc_row_inner equal_height=\u00bbyes\u00bb content_placement=\u00bbmiddle\u00bb column_margin=\u00bbnone\u00bb column_direction=\u00bbdefault\u00bb column_direction_tablet=\u00bbdefault\u00bb column_direction_phone=\u00bbdefault\u00bb text_align=\u00bbleft\u00bb id=\u00bbabout\u00bb css=\u00bb.vc_custom_1486684329109{background-color: #ffffff !important;}\u00bb][vc_column_inner column_padding=\u00bbpadding-10-percent\u00bb column_padding_tablet=\u00bbinherit\u00bb column_padding_phone=\u00bbinherit\u00bb column_padding_position=\u00bball\u00bb column_element_spacing=\u00bbdefault\u00bb background_color_opacity=\u00bb1&#8243; background_hover_color_opacity=\u00bb1&#8243; background_image=\u00bb987&#8243; background_image_position=\u00bbcenter center\u00bb enable_bg_scale=\u00bbtrue\u00bb background_image_loading=\u00bbdefault\u00bb column_shadow=\u00bbnone\u00bb column_border_radius=\u00bbnone\u00bb column_link_target=\u00bb_self\u00bb gradient_direction=\u00bbleft_to_right\u00bb overlay_strength=\u00bb0.3&#8243; width=\u00bb1\/3&#8243; tablet_width_inherit=\u00bbdefault\u00bb bg_image_animation=\u00bbnone\u00bb border_type=\u00bbsimple\u00bb column_border_width=\u00bbnone\u00bb column_border_style=\u00bbsolid\u00bb][divider line_type=\u00bbNo Line\u00bb custom_height=\u00bb200&#8243;][\/vc_column_inner][vc_column_inner column_padding=\u00bbpadding-5-percent\u00bb column_padding_tablet=\u00bbinherit\u00bb column_padding_phone=\u00bbinherit\u00bb column_padding_position=\u00bball\u00bb column_element_spacing=\u00bbdefault\u00bb background_color=\u00bb#2ac4ea\u00bb background_color_opacity=\u00bb1&#8243; background_hover_color_opacity=\u00bb1&#8243; column_shadow=\u00bbnone\u00bb column_border_radius=\u00bbnone\u00bb column_link_target=\u00bb_self\u00bb gradient_direction=\u00bbleft_to_right\u00bb overlay_strength=\u00bb0.3&#8243; width=\u00bb2\/3&#8243; tablet_width_inherit=\u00bbdefault\u00bb bg_image_animation=\u00bbnone\u00bb border_type=\u00bbsimple\u00bb column_border_width=\u00bbnone\u00bb column_border_style=\u00bbsolid\u00bb][vc_column_text]\n<h3>Silvia Bersanelli<\/h3>\n[\/vc_column_text][vc_column_text css=\u00bb.vc_custom_1504017183206{margin-top: 40px !important;}\u00bb]Profesora en el nivel Primario, Superior y de Educaci\u00f3n Especial. Ex Directora de Educaci\u00f3n Inclusiva Ministerio de Educaci\u00f3n de la provincia de La Pampa. Ex presidenta de Conadis Argentina y ex presidenta del CEDDIS.[\/vc_column_text][divider line_type=\u00bbNo Line\u00bb custom_height=\u00bb20&#8243;]<div class=\"nectar-fancy-ul\" data-list-icon=\"fa fa-chevron-right\" data-animation=\"true\" data-animation-delay=\"0\" data-color=\"extra-color-3\" data-spacing=\"default\" data-alignment=\"left\"> <strong>Ponencias<\/strong><\/p>\n<ul>\n<li>Educaci\u00f3n Inclusiva: desde la agenda p\u00fablica al trabajo de aula.<\/li>\n<li>Dise\u00f1o Universal\u00a0 de Aprendizaje en el aula.<\/li>\n<\/ul>\n <\/div>[\/vc_column_inner][\/vc_row_inner][vc_row_inner equal_height=\u00bbyes\u00bb content_placement=\u00bbmiddle\u00bb column_margin=\u00bbnone\u00bb column_direction=\u00bbdefault\u00bb column_direction_tablet=\u00bbdefault\u00bb column_direction_phone=\u00bbdefault\u00bb text_align=\u00bbleft\u00bb id=\u00bbabout\u00bb css=\u00bb.vc_custom_1486684329109{background-color: #ffffff !important;}\u00bb][vc_column_inner column_padding=\u00bbpadding-5-percent\u00bb column_padding_tablet=\u00bbinherit\u00bb column_padding_phone=\u00bbinherit\u00bb column_padding_position=\u00bball\u00bb column_element_spacing=\u00bbdefault\u00bb background_color=\u00bb#25991b\u00bb background_color_opacity=\u00bb1&#8243; background_hover_color_opacity=\u00bb1&#8243; column_shadow=\u00bbnone\u00bb column_border_radius=\u00bbnone\u00bb column_link_target=\u00bb_self\u00bb gradient_direction=\u00bbleft_to_right\u00bb overlay_strength=\u00bb0.3&#8243; width=\u00bb2\/3&#8243; tablet_width_inherit=\u00bbdefault\u00bb bg_image_animation=\u00bbnone\u00bb border_type=\u00bbsimple\u00bb column_border_width=\u00bbnone\u00bb column_border_style=\u00bbsolid\u00bb][vc_column_text]\n<h3>Mel Ainscow<\/h3>\n[\/vc_column_text][vc_column_text css=\u00bb.vc_custom_1498058346405{margin-top: 40px !important;}\u00bb]Catedr\u00e1tico y Co-Director del Centro para la Equidad en Educaci\u00f3n de la Universidad de Manchester y coautor del \u201c\u00cdndice de Inclusi\u00f3n\u201d, instrumento para apoyar el desarrollo de escuelas inclusivas, traducido a m\u00e1s de 40 idiomas y recomendado por la UNESCO.<\/p>\n[\/vc_column_text][divider line_type=\u00bbNo Line\u00bb custom_height=\u00bb20&#8243;]<div class=\"nectar-fancy-ul\" data-list-icon=\"fa fa-chevron-right\" data-animation=\"true\" data-animation-delay=\"0\" data-color=\"extra-color-3\" data-spacing=\"default\" data-alignment=\"left\"> <strong>Ponencias<\/strong><\/p>\n<ul>\n<li>Proceso de transformaci\u00f3n: de la escuela tradicional a la escuela inclusiva. Gu\u00eda para generar Educaci\u00f3n Inclusiva.<\/li>\n<li>De la escuela que tenemos a la escuela que queremos: desarrollando el aprendizaje y la participaci\u00f3n en las instituciones educativas.\u00a0Estrategias concretas para el dise\u00f1o particular de transformaci\u00f3n de una instituci\u00f3n educativa y la articulaci\u00f3n de redes comunitarias.<\/li>\n<li>El rol de la familia en los procesos de Educaci\u00f3n Inclusiva de personas con discapacidad<\/li>\n<\/ul>\n <\/div>[\/vc_column_inner][vc_column_inner column_padding=\u00bbpadding-10-percent\u00bb column_padding_tablet=\u00bbinherit\u00bb column_padding_phone=\u00bbinherit\u00bb column_padding_position=\u00bball\u00bb column_element_spacing=\u00bbdefault\u00bb background_color_opacity=\u00bb1&#8243; background_hover_color_opacity=\u00bb1&#8243; background_image=\u00bb989&#8243; background_image_position=\u00bbcenter center\u00bb enable_bg_scale=\u00bbtrue\u00bb background_image_loading=\u00bbdefault\u00bb column_shadow=\u00bbnone\u00bb column_border_radius=\u00bbnone\u00bb column_link_target=\u00bb_self\u00bb gradient_direction=\u00bbleft_to_right\u00bb overlay_strength=\u00bb0.3&#8243; width=\u00bb1\/3&#8243; tablet_width_inherit=\u00bbdefault\u00bb bg_image_animation=\u00bbnone\u00bb border_type=\u00bbsimple\u00bb column_border_width=\u00bbnone\u00bb column_border_style=\u00bbsolid\u00bb][divider line_type=\u00bbNo Line\u00bb custom_height=\u00bb200&#8243;][\/vc_column_inner][\/vc_row_inner][\/vc_column][\/vc_row][vc_row type=\u00bbin_container\u00bb full_screen_row_position=\u00bbmiddle\u00bb column_margin=\u00bbdefault\u00bb column_direction=\u00bbdefault\u00bb column_direction_tablet=\u00bbdefault\u00bb column_direction_phone=\u00bbdefault\u00bb scene_position=\u00bbcenter\u00bb text_color=\u00bbdark\u00bb text_align=\u00bbleft\u00bb row_border_radius=\u00bbnone\u00bb row_border_radius_applies=\u00bbbg\u00bb overlay_strength=\u00bb0.3&#8243; gradient_direction=\u00bbleft_to_right\u00bb shape_divider_position=\u00bbbottom\u00bb bg_image_animation=\u00bbnone\u00bb][vc_column column_padding=\u00bbno-extra-padding\u00bb column_padding_tablet=\u00bbinherit\u00bb column_padding_phone=\u00bbinherit\u00bb column_padding_position=\u00bball\u00bb column_element_spacing=\u00bbdefault\u00bb background_color_opacity=\u00bb1&#8243; background_hover_color_opacity=\u00bb1&#8243; column_shadow=\u00bbnone\u00bb column_border_radius=\u00bbnone\u00bb column_link_target=\u00bb_self\u00bb gradient_direction=\u00bbleft_to_right\u00bb overlay_strength=\u00bb0.3&#8243; width=\u00bb1\/1&#8243; tablet_width_inherit=\u00bbdefault\u00bb tablet_text_alignment=\u00bbdefault\u00bb phone_text_alignment=\u00bbdefault\u00bb bg_image_animation=\u00bbnone\u00bb border_type=\u00bbsimple\u00bb column_border_width=\u00bbnone\u00bb column_border_style=\u00bbsolid\u00bb][divider line_type=\u00bbNo Line\u00bb custom_height=\u00bb100&#8243;][\/vc_column][\/vc_row][vc_row type=\u00bbin_container\u00bb full_screen_row_position=\u00bbmiddle\u00bb column_margin=\u00bbdefault\u00bb equal_height=\u00bbyes\u00bb content_placement=\u00bbmiddle\u00bb column_direction=\u00bbdefault\u00bb column_direction_tablet=\u00bbdefault\u00bb column_direction_phone=\u00bbdefault\u00bb scene_position=\u00bbcenter\u00bb text_color=\u00bbdark\u00bb text_align=\u00bbleft\u00bb row_border_radius=\u00bbnone\u00bb row_border_radius_applies=\u00bbbg\u00bb overlay_strength=\u00bb0.3&#8243; gradient_direction=\u00bbleft_to_right\u00bb shape_divider_position=\u00bbbottom\u00bb bg_image_animation=\u00bbnone\u00bb shape_type=\u00bb\u00bb][vc_column column_padding=\u00bbno-extra-padding\u00bb column_padding_tablet=\u00bbinherit\u00bb column_padding_phone=\u00bbinherit\u00bb column_padding_position=\u00bball\u00bb column_element_spacing=\u00bbdefault\u00bb background_color_opacity=\u00bb1&#8243; background_hover_color_opacity=\u00bb1&#8243; column_shadow=\u00bbnone\u00bb column_border_radius=\u00bbnone\u00bb column_link_target=\u00bb_self\u00bb gradient_direction=\u00bbleft_to_right\u00bb overlay_strength=\u00bb0.3&#8243; width=\u00bb1\/4&#8243; tablet_width_inherit=\u00bbdefault\u00bb tablet_text_alignment=\u00bbdefault\u00bb phone_text_alignment=\u00bbdefault\u00bb bg_image_animation=\u00bbnone\u00bb border_type=\u00bbsimple\u00bb column_border_width=\u00bbnone\u00bb column_border_style=\u00bbsolid\u00bb][\/vc_column][vc_column column_padding=\u00bbno-extra-padding\u00bb column_padding_tablet=\u00bbinherit\u00bb column_padding_phone=\u00bbinherit\u00bb column_padding_position=\u00bball\u00bb column_element_spacing=\u00bbdefault\u00bb background_color_opacity=\u00bb1&#8243; background_hover_color_opacity=\u00bb1&#8243; column_shadow=\u00bbnone\u00bb column_border_radius=\u00bbnone\u00bb column_link_target=\u00bb_self\u00bb gradient_direction=\u00bbleft_to_right\u00bb overlay_strength=\u00bb0.3&#8243; width=\u00bb1\/2&#8243; tablet_width_inherit=\u00bbdefault\u00bb tablet_text_alignment=\u00bbdefault\u00bb phone_text_alignment=\u00bbdefault\u00bb bg_image_animation=\u00bbnone\u00bb border_type=\u00bbsimple\u00bb column_border_width=\u00bbnone\u00bb column_border_style=\u00bbsolid\u00bb][image_with_animation image_url=\u00bb1166&#8243; animation=\u00bbFade In\u00bb hover_animation=\u00bbnone\u00bb alignment=\u00bbright\u00bb border_radius=\u00bbnone\u00bb box_shadow=\u00bbnone\u00bb image_loading=\u00bblazy-load\u00bb max_width=\u00bb75%\u00bb max_width_mobile=\u00bbdefault\u00bb][\/vc_column][vc_column column_padding=\u00bbno-extra-padding\u00bb column_padding_tablet=\u00bbinherit\u00bb column_padding_phone=\u00bbinherit\u00bb column_padding_position=\u00bball\u00bb column_element_spacing=\u00bbdefault\u00bb background_color_opacity=\u00bb1&#8243; background_hover_color_opacity=\u00bb1&#8243; column_shadow=\u00bbnone\u00bb column_border_radius=\u00bbnone\u00bb column_link_target=\u00bb_self\u00bb gradient_direction=\u00bbleft_to_right\u00bb overlay_strength=\u00bb0.3&#8243; width=\u00bb1\/4&#8243; tablet_width_inherit=\u00bbdefault\u00bb tablet_text_alignment=\u00bbdefault\u00bb phone_text_alignment=\u00bbdefault\u00bb bg_image_animation=\u00bbnone\u00bb border_type=\u00bbsimple\u00bb column_border_width=\u00bbnone\u00bb column_border_style=\u00bbsolid\u00bb][\/vc_column][\/vc_row][vc_row type=\u00bbfull_width_content\u00bb full_screen_row_position=\u00bbmiddle\u00bb column_margin=\u00bbdefault\u00bb column_direction=\u00bbdefault\u00bb column_direction_tablet=\u00bbdefault\u00bb column_direction_phone=\u00bbdefault\u00bb scene_position=\u00bbcenter\u00bb top_padding=\u00bb40&#8243; bottom_padding=\u00bb140&#8243; text_color=\u00bbdark\u00bb text_align=\u00bbleft\u00bb row_border_radius=\u00bbnone\u00bb row_border_radius_applies=\u00bbbg\u00bb overlay_strength=\u00bb0.3&#8243; gradient_direction=\u00bbleft_to_right\u00bb shape_divider_position=\u00bbbottom\u00bb bg_image_animation=\u00bbnone\u00bb][vc_column column_padding=\u00bbno-extra-padding\u00bb column_padding_tablet=\u00bbinherit\u00bb column_padding_phone=\u00bbinherit\u00bb column_padding_position=\u00bball\u00bb column_element_spacing=\u00bbdefault\u00bb background_color_opacity=\u00bb1&#8243; background_hover_color_opacity=\u00bb1&#8243; column_shadow=\u00bbnone\u00bb column_border_radius=\u00bbnone\u00bb column_link_target=\u00bb_self\u00bb gradient_direction=\u00bbleft_to_right\u00bb overlay_strength=\u00bb0.3&#8243; width=\u00bb1\/1&#8243; tablet_width_inherit=\u00bbdefault\u00bb tablet_text_alignment=\u00bbdefault\u00bb phone_text_alignment=\u00bbdefault\u00bb bg_image_animation=\u00bbnone\u00bb border_type=\u00bbsimple\u00bb column_border_width=\u00bbnone\u00bb column_border_style=\u00bbsolid\u00bb offset=\u00bbvc_hidden-xs\u00bb][divider line_type=\u00bbFull Width Line\u00bb line_thickness=\u00bb8&#8243; divider_color=\u00bbextra-color-gradient-1&#8243; animate=\u00bbyes\u00bb custom_height=\u00bb40&#8243;][\/vc_column][\/vc_row]\n","protected":false},"excerpt":{"rendered":"<p>[vc_row type=\u00bbin_container\u00bb full_screen_row_position=\u00bbmiddle\u00bb column_margin=\u00bbdefault\u00bb column_direction=\u00bbdefault\u00bb column_direction_tablet=\u00bbdefault\u00bb column_direction_phone=\u00bbdefault\u00bb scene_position=\u00bbcenter\u00bb text_color=\u00bbdark\u00bb text_align=\u00bbleft\u00bb row_border_radius=\u00bbnone\u00bb row_border_radius_applies=\u00bbbg\u00bb overlay_strength=\u00bb0.3&#8243; gradient_direction=\u00bbleft_to_right\u00bb shape_divider_position=\u00bbbottom\u00bb bg_image_animation=\u00bbnone\u00bb][vc_column column_padding=\u00bbno-extra-padding\u00bb column_padding_tablet=\u00bbinherit\u00bb column_padding_phone=\u00bbinherit\u00bb column_padding_position=\u00bball\u00bb column_element_spacing=\u00bbdefault\u00bb background_color_opacity=\u00bb1&#8243; background_hover_color_opacity=\u00bb1&#8243; column_shadow=\u00bbnone\u00bb column_border_radius=\u00bbnone\u00bb column_link_target=\u00bb_self\u00bb gradient_direction=\u00bbleft_to_right\u00bb overlay_strength=\u00bb0.3&#8243; width=\u00bb1\/1&#8243; tablet_width_inherit=\u00bbdefault\u00bb&#8230;<\/p>\n","protected":false},"author":1,"featured_media":0,"parent":0,"menu_order":0,"comment_status":"closed","ping_status":"closed","template":"","meta":[],"_links":{"self":[{"href":"https:\/\/oritel.org\/oea\/wp-json\/wp\/v2\/pages\/11"}],"collection":[{"href":"https:\/\/oritel.org\/oea\/wp-json\/wp\/v2\/pages"}],"about":[{"href":"https:\/\/oritel.org\/oea\/wp-json\/wp\/v2\/types\/page"}],"author":[{"embeddable":true,"href":"https:\/\/oritel.org\/oea\/wp-json\/wp\/v2\/users\/1"}],"replies":[{"embeddable":true,"href":"https:\/\/oritel.org\/oea\/wp-json\/wp\/v2\/comments?post=11"}],"version-history":[{"count":49,"href":"https:\/\/oritel.org\/oea\/wp-json\/wp\/v2\/pages\/11\/revisions"}],"predecessor-version":[{"id":972,"href":"https:\/\/oritel.org\/oea\/wp-json\/wp\/v2\/pages\/11\/revisions\/972"}],"wp:attachment":[{"href":"https:\/\/oritel.org\/oea\/wp-json\/wp\/v2\/media?parent=11"}],"curies":[{"name":"wp","href":"https:\/\/api.w.org\/{rel}","templated":true}]}}